{"id":2833,"date":"2021-02-22T11:00:40","date_gmt":"2021-02-22T10:00:40","guid":{"rendered":"http:\/\/coreaga-conseil.fr\/?page_id=2833"},"modified":"2022-09-21T17:57:17","modified_gmt":"2022-09-21T15:57:17","slug":"a-lire-a-voir-a-ecouter","status":"publish","type":"page","link":"https:\/\/coreaga-conseil.fr\/?page_id=2833","title":{"rendered":"A lire, \u00e0 voir, \u00e0 \u00e9couter&#8230;"},"content":{"rendered":"\n<hr class=\"wp-block-separator\"\/>\n\n\n\n<h2 class=\"has-very-dark-gray-color has-text-color\"><strong>Articles<\/strong><\/h2>\n\n\n\n<p><a href=\"http:\/\/coreaga-conseil.fr\/wp-content\/uploads\/2022\/09\/Annexe-Resultats-de-levaluation-de-limpact-du-programme-ICS-niveau-2-sur-les-professionnels-2018-2022.pdf\" target=\"_blank\" rel=\"noreferrer noopener\">R\u00e9sultats de l&#8217;\u00e9valuation de l&#8217;impact du programme ICS Niveau 2 sur les professionnels (2018-2022)<\/a> <\/p>\n\n\n\n<p><a rel=\"noreferrer noopener\" href=\"http:\/\/elementhumain-france.fr\/articles\/\" target=\"_blank\">Retrouvez ici la liste des ressources que l&#8217;El\u00e9ment Humain France met \u00e0 votre disposition<\/a><\/p>\n\n\n\n<p><a rel=\"noreferrer noopener\" href=\"https:\/\/www.linkedin.com\/pulse\/pleine-conscience-et-el%C3%A9ment-humain-christian-le-mellec\/\" target=\"_blank\">Pleine Conscience et El\u00e9ment Humain<\/a><\/p>\n\n\n\n<p><a rel=\"noreferrer noopener\" href=\"https:\/\/www.linkedin.com\/pulse\/quest-ce-que-je-souhaite-ici-et-maintenant-medrjevetzki-lhep-\/\" target=\"_blank\">Choix et besoins<\/a><\/p>\n\n\n\n<p><a rel=\"noreferrer noopener\" href=\"https:\/\/www.linkedin.com\/pulse\/l%C3%A9l%C3%A9ment-humain-aux-temps-du-covid-19-laurence-medrjevetzki-lhep-\/\" target=\"_blank\">L\u2019El\u00e9ment Humain aux temps du Covid-19<\/a><\/p>\n\n\n\n<p><a rel=\"noreferrer noopener\" href=\"https:\/\/www.linkedin.com\/pulse\/schutz-en-r%C3%AAvait-lentreprise-lib%C3%A9r%C3%A9e-le-fait-medrjevetzki-lhep-\/\" target=\"_blank\">L\u2019El\u00e9ment Humain pour lib\u00e9rer l\u2019entreprise<\/a><\/p>\n\n\n\n<p><a rel=\"noreferrer noopener\" href=\"https:\/\/www.linkedin.com\/pulse\/linclusion-enjeu-majeur-des-%C3%A9quipes-aujourdhui-christian-le-mellec\/\" target=\"_blank\">L\u2019inclusion, enjeu majeur des \u00e9quipes aujourd\u2019hui<\/a><\/p>\n\n\n\n<p><a rel=\"noreferrer noopener\" href=\"https:\/\/www.linkedin.com\/pulse\/sexprimer-ouvertement-lib%C3%A8re-l%C3%A9nergie-de-l%C3%A9quipe-christian-le-mellec\/\" target=\"_blank\">Le travail en Equipe Ouverte<\/a><\/p>\n\n\n\n<p><a rel=\"noreferrer noopener\" href=\"https:\/\/www.linkedin.com\/pulse\/rester-une-%25C3%25A9quipe-soud%25C3%25A9e-et-performante-en-temps-de-le-mellec\/?trackingId=DfiZnrVxSGuzIbMkcvQrRA%3D%3D\" target=\"_blank\">Rester une \u00e9quipe soud\u00e9e et performante en temps de confinement<\/a><\/p>\n\n\n\n<p><a href=\"https:\/\/www.linkedin.com\/pulse\/le-confinement-quels-enseignements-pour-travail-%25C3%25A0-christian-le-mellec\/?trackingId=CHO368rsT8uLiFLm3iQcuw%3D%3D\" target=\"_blank\" rel=\"noreferrer noopener\">Enqu\u00eate&nbsp;: Confinement et Travail \u00e0 distance<\/a><\/p>\n\n\n\n<hr class=\"wp-block-separator\"\/>\n\n\n\n<h2>Vid\u00e9os<\/h2>\n\n\n\n<p><a href=\"https:\/\/www.youtube.com\/watch?v=zQthHzJfnpECan\u2019t You See I\u2019m Busy Being Miserable?\">https:\/\/www.youtube.com\/watch?v=zQthHzJfnpECan\u2019t You See I\u2019m Busy Being Miserable?<\/a><\/p>\n\n\n\n<figure class=\"wp-block-embed is-type-video is-provider-youtube wp-block-embed-youtube wp-embed-aspect-16-9 wp-has-aspect-ratio\"><div class=\"wp-block-embed__wrapper\">\n<iframe loading=\"lazy\" title=\"Confront Fear Lower Defenses: Can\u2019t You See I\u2019m Busy Being Miserable? | Ethan Schutz | TEDxTarrytown\" width=\"860\" height=\"484\" src=\"https:\/\/www.youtube.com\/embed\/zQthHzJfnpE?feature=oembed\" frameborder=\"0\" allow=\"accelerometer; autoplay; clipboard-write; encrypted-media; gyroscope; picture-in-picture\" allowfullscreen><\/iframe>\n<\/div><\/figure>\n\n\n\n<hr class=\"wp-block-separator\"\/>\n\n\n\n<p><a href=\"https:\/\/youtu.be\/KtS1X0sqbQQ\" target=\"_blank\" rel=\"noreferrer noopener\">TEDx Laurence Medrjevetzki&nbsp;: et si choisir c\u2019\u00e9tait exister et s\u2019impliquer<\/a>&nbsp;<\/p>\n\n\n\n<figure class=\"wp-block-embed is-type-video is-provider-youtube wp-block-embed-youtube wp-embed-aspect-16-9 wp-has-aspect-ratio\"><div class=\"wp-block-embed__wrapper\">\n<iframe loading=\"lazy\" title=\"Et si choisir c&#039;\u00e9tait exister et s\u2019impliquer ? | Laurence Medrjevetzki | TEDxRennes\" width=\"860\" height=\"484\" src=\"https:\/\/www.youtube.com\/embed\/KtS1X0sqbQQ?start=3&#038;feature=oembed\" frameborder=\"0\" allow=\"accelerometer; autoplay; clipboard-write; encrypted-media; gyroscope; picture-in-picture\" allowfullscreen><\/iframe>\n<\/div><figcaption><a rel=\"noreferrer noopener\" href=\"https:\/\/youtu.be\/KtS1X0sqbQQ\" target=\"_blank\">TEDx Laurence Medrjevetzki&nbsp;: et si choisir c\u2019\u00e9tait exister et s\u2019impliquer<\/a>&nbsp;<\/figcaption><\/figure>\n\n\n\n<hr class=\"wp-block-separator\"\/>\n\n\n\n<h2>Podcasts<\/h2>\n\n\n\n<figure class=\"wp-block-video\"><video controls src=\"https:\/\/deezer.page.link\/X7F1bbC8gPDWeSUs9\"><\/video><figcaption>R\u00e9concilier \u00e9panouissement individuel et performance des entreprises,<br>par Anne-Monique Sell\u00e8s<\/figcaption><\/figure>\n\n\n\n<p><\/p>\n","protected":false},"excerpt":{"rendered":"<p>Articles R\u00e9sultats de l&#8217;\u00e9valuation de l&#8217;impact du programme ICS Niveau 2 sur les professionnels (2018-2022) Retrouvez ici la liste des ressources que l&#8217;El\u00e9ment Humain France met \u00e0 votre disposition Pleine Conscience et El\u00e9ment Humain Choix et besoins L\u2019El\u00e9ment Humain aux <a class=\"more-link\" href=\"https:\/\/coreaga-conseil.fr\/?page_id=2833\">Lire plus\u00a0\u2026<\/a><\/p>\n","protected":false},"author":2,"featured_media":2834,"parent":0,"menu_order":0,"comment_status":"closed","ping_status":"closed","template":"","meta":[],"_links":{"self":[{"href":"https:\/\/coreaga-conseil.fr\/index.php?rest_route=\/wp\/v2\/pages\/2833"}],"collection":[{"href":"https:\/\/coreaga-conseil.fr\/index.php?rest_route=\/wp\/v2\/pages"}],"about":[{"href":"https:\/\/coreaga-conseil.fr\/index.php?rest_route=\/wp\/v2\/types\/page"}],"author":[{"embeddable":true,"href":"https:\/\/coreaga-conseil.fr\/index.php?rest_route=\/wp\/v2\/users\/2"}],"replies":[{"embeddable":true,"href":"https:\/\/coreaga-conseil.fr\/index.php?rest_route=%2Fwp%2Fv2%2Fcomments&post=2833"}],"version-history":[{"count":14,"href":"https:\/\/coreaga-conseil.fr\/index.php?rest_route=\/wp\/v2\/pages\/2833\/revisions"}],"predecessor-version":[{"id":3125,"href":"https:\/\/coreaga-conseil.fr\/index.php?rest_route=\/wp\/v2\/pages\/2833\/revisions\/3125"}],"wp:featuredmedia":[{"embeddable":true,"href":"https:\/\/coreaga-conseil.fr\/index.php?rest_route=\/wp\/v2\/media\/2834"}],"wp:attachment":[{"href":"https:\/\/coreaga-conseil.fr\/index.php?rest_route=%2Fwp%2Fv2%2Fmedia&parent=2833"}],"curies":[{"name":"wp","href":"https:\/\/api.w.org\/{rel}","templated":true}]}}